{"id":41810,"date":"2025-09-05T19:00:10","date_gmt":"2025-09-05T19:00:10","guid":{"rendered":"https:\/\/www.domtar.com\/responsabilite\/durabilite\/notre-personnel-et-nos-communautes-fr\/la-formation-du-personnel-consolide-les-performances-a-long-terme\/"},"modified":"2025-09-23T15:48:36","modified_gmt":"2025-09-23T15:48:36","slug":"la-formation-du-personnel-consolide-les-performances-a-long-terme","status":"publish","type":"page","link":"https:\/\/www.domtar.com\/fr\/responsabilite\/durabilite\/nos-gens-et-nos-collectivites\/la-formation-du-personnel-consolide-les-performances-a-long-terme\/","title":{"rendered":"La formation du personnel consolide les performances \u00e0 long terme"},"content":{"rendered":"\t\t<div data-elementor-type=\"wp-page\" data-elementor-id=\"41810\" class=\"elementor elementor-41810 elementor-41135\" data-elementor-settings=\"{&quot;element_pack_global_tooltip_width&quot;:{&quot;unit&quot;:&quot;px&quot;,&quot;size&quot;:&quot;&quot;,&quot;sizes&quot;:[]},&quot;element_pack_global_tooltip_width_tablet&quot;:{&quot;unit&quot;:&quot;px&quot;,&quot;size&quot;:&quot;&quot;,&quot;sizes&quot;:[]},&quot;element_pack_global_tooltip_width_mobile&quot;:{&quot;unit&quot;:&quot;px&quot;,&quot;size&quot;:&quot;&quot;,&quot;sizes&quot;:[]},&quot;element_pack_global_tooltip_padding&quot;:{&quot;unit&quot;:&quot;px&quot;,&quot;top&quot;:&quot;&quot;,&quot;right&quot;:&quot;&quot;,&quot;bottom&quot;:&quot;&quot;,&quot;left&quot;:&quot;&quot;,&quot;isLinked&quot;:true},&quot;element_pack_global_tooltip_padding_tablet&quot;:{&quot;unit&quot;:&quot;px&quot;,&quot;top&quot;:&quot;&quot;,&quot;right&quot;:&quot;&quot;,&quot;bottom&quot;:&quot;&quot;,&quot;left&quot;:&quot;&quot;,&quot;isLinked&quot;:true},&quot;element_pack_global_tooltip_padding_mobile&quot;:{&quot;unit&quot;:&quot;px&quot;,&quot;top&quot;:&quot;&quot;,&quot;right&quot;:&quot;&quot;,&quot;bottom&quot;:&quot;&quot;,&quot;left&quot;:&quot;&quot;,&quot;isLinked&quot;:true},&quot;element_pack_global_tooltip_border_radius&quot;:{&quot;unit&quot;:&quot;px&quot;,&quot;top&quot;:&quot;&quot;,&quot;right&quot;:&quot;&quot;,&quot;bottom&quot;:&quot;&quot;,&quot;left&quot;:&quot;&quot;,&quot;isLinked&quot;:true},&quot;element_pack_global_tooltip_border_radius_tablet&quot;:{&quot;unit&quot;:&quot;px&quot;,&quot;top&quot;:&quot;&quot;,&quot;right&quot;:&quot;&quot;,&quot;bottom&quot;:&quot;&quot;,&quot;left&quot;:&quot;&quot;,&quot;isLinked&quot;:true},&quot;element_pack_global_tooltip_border_radius_mobile&quot;:{&quot;unit&quot;:&quot;px&quot;,&quot;top&quot;:&quot;&quot;,&quot;right&quot;:&quot;&quot;,&quot;bottom&quot;:&quot;&quot;,&quot;left&quot;:&quot;&quot;,&quot;isLinked&quot;:true}}\" data-elementor-post-type=\"page\">\n\t\t\t\t\t\t<section class=\"has_eae_slider elementor-section elementor-top-section elementor-element elementor-element-54b2954 elementor-section-height-min-height dom-inner-banner banner-hero-ross elementor-section-content-top elementor-section-boxed elementor-section-height-default elementor-section-items-middle\" data-eae-slider=\"734\" data-id=\"54b2954\" data-element_type=\"section\" data-e-type=\"section\" data-settings=\"{&quot;background_background&quot;:&quot;classic&quot;}\">\n\t\t\t\t\t\t<div class=\"elementor-container elementor-column-gap-default\">\n\t\t\t\t\t<div class=\"has_eae_slider elementor-column elementor-col-100 elementor-top-column elementor-element elementor-element-fafd712\" data-eae-slider=\"71116\" data-id=\"fafd712\" data-element_type=\"column\" data-e-type=\"column\">\n\t\t\t<div class=\"elementor-widget-wrap elementor-element-populated\">\n\t\t\t\t\t\t<section class=\"has_eae_slider elementor-section elementor-inner-section elementor-element elementor-element-d4a6f6f elementor-section-height-min-height elementor-section-boxed elementor-section-height-default\" data-eae-slider=\"7538\" data-id=\"d4a6f6f\" data-element_type=\"section\" data-e-type=\"section\">\n\t\t\t\t\t\t<div class=\"elementor-container elementor-column-gap-default\">\n\t\t\t\t\t<div class=\"has_eae_slider elementor-column elementor-col-50 elementor-inner-column elementor-element elementor-element-5fea74e inner-col-one elementor-invisible\" data-eae-slider=\"82089\" data-id=\"5fea74e\" data-element_type=\"column\" data-e-type=\"column\" data-settings=\"{&quot;animation&quot;:&quot;fadeInUp&quot;}\">\n\t\t\t<div class=\"elementor-widget-wrap elementor-element-populated\">\n\t\t\t\t\t\t<div class=\"elementor-element elementor-element-9bf4371 elementor-widget__width-auto elementor-widget-tablet__width-initial elementor-widget elementor-widget-image\" data-id=\"9bf4371\" data-element_type=\"widget\" data-e-type=\"widget\" data-widget_type=\"image.default\">\n\t\t\t\t<div class=\"elementor-widget-container\">\n\t\t\t\t\t\t\t\t\t\t\t\t\t\t\t<img decoding=\"async\" width=\"92\" height=\"92\" src=\"https:\/\/www.domtar.com\/wp-content\/uploads\/2025\/07\/chlie-ross-top-1-icon-1.webp\" class=\"attachment-full size-full wp-image-39214\" alt=\"\" \/>\t\t\t\t\t\t\t\t\t\t\t\t\t\t\t<\/div>\n\t\t\t\t<\/div>\n\t\t\t\t<div class=\"elementor-element elementor-element-258a415 elementor-widget elementor-widget-heading\" data-id=\"258a415\" data-element_type=\"widget\" data-e-type=\"widget\" data-widget_type=\"heading.default\">\n\t\t\t\t<div class=\"elementor-widget-container\">\n\t\t\t\t\t<h1 class=\"elementor-heading-title elementor-size-default\">Nos gens et<br>nos collectivit\u00e9s\n<\/h1>\t\t\t\t<\/div>\n\t\t\t\t<\/div>\n\t\t\t\t\t<\/div>\n\t\t<\/div>\n\t\t\t\t<div class=\"has_eae_slider elementor-column elementor-col-50 elementor-inner-column elementor-element elementor-element-b6b4439 elementor-invisible\" data-eae-slider=\"49997\" data-id=\"b6b4439\" data-element_type=\"column\" data-e-type=\"column\" data-settings=\"{&quot;animation&quot;:&quot;fadeInRight&quot;}\">\n\t\t\t<div class=\"elementor-widget-wrap elementor-element-populated\">\n\t\t\t\t\t\t<div class=\"elementor-element elementor-element-3616934 elementor-absolute elementor-widget elementor-widget-image\" data-id=\"3616934\" data-element_type=\"widget\" data-e-type=\"widget\" data-settings=\"{&quot;_position&quot;:&quot;absolute&quot;}\" data-widget_type=\"image.default\">\n\t\t\t\t<div class=\"elementor-widget-container\">\n\t\t\t\t\t\t\t\t\t\t\t\t\t\t\t<img fetchpriority=\"high\" decoding=\"async\" width=\"1200\" height=\"800\" src=\"https:\/\/www.domtar.com\/wp-content\/uploads\/2025\/09\/Employee-Training-Strengthens-Long\u2011term-Performance.png\" class=\"attachment-full size-full wp-image-40893\" alt=\"\" srcset=\"https:\/\/www.domtar.com\/wp-content\/uploads\/2025\/09\/Employee-Training-Strengthens-Long\u2011term-Performance.png 1200w, https:\/\/www.domtar.com\/wp-content\/uploads\/2025\/09\/Employee-Training-Strengthens-Long\u2011term-Performance-450x300.png 450w, https:\/\/www.domtar.com\/wp-content\/uploads\/2025\/09\/Employee-Training-Strengthens-Long\u2011term-Performance-1024x683.png 1024w, https:\/\/www.domtar.com\/wp-content\/uploads\/2025\/09\/Employee-Training-Strengthens-Long\u2011term-Performance-768x512.png 768w, https:\/\/www.domtar.com\/wp-content\/uploads\/2025\/09\/Employee-Training-Strengthens-Long\u2011term-Performance-300x200.png 300w\" sizes=\"(max-width: 1200px) 100vw, 1200px\" \/>\t\t\t\t\t\t\t\t\t\t\t\t\t\t\t<\/div>\n\t\t\t\t<\/div>\n\t\t\t\t\t<\/div>\n\t\t<\/div>\n\t\t\t\t\t<\/div>\n\t\t<\/section>\n\t\t\t\t\t<\/div>\n\t\t<\/div>\n\t\t\t\t\t<\/div>\n\t\t<\/section>\n\t\t\t\t<section class=\"has_eae_slider elementor-section elementor-top-section elementor-element elementor-element-065471a environment-ross  elementor-section-boxed elementor-section-height-default elementor-section-height-default elementor-invisible\" data-eae-slider=\"37435\" data-id=\"065471a\" data-element_type=\"section\" data-e-type=\"section\" data-settings=\"{&quot;animation&quot;:&quot;fadeInUp&quot;}\">\n\t\t\t\t\t\t<div class=\"elementor-container elementor-column-gap-default\">\n\t\t\t\t\t<div class=\"has_eae_slider elementor-column elementor-col-100 elementor-top-column elementor-element elementor-element-e007e05\" data-eae-slider=\"83394\" data-id=\"e007e05\" data-element_type=\"column\" data-e-type=\"column\">\n\t\t\t<div class=\"elementor-widget-wrap elementor-element-populated\">\n\t\t\t\t\t\t<section class=\"has_eae_slider elementor-section elementor-inner-section elementor-element elementor-element-c0dc1cd elementor-section-boxed elementor-section-height-default elementor-section-height-default\" data-eae-slider=\"66417\" data-id=\"c0dc1cd\" data-element_type=\"section\" data-e-type=\"section\">\n\t\t\t\t\t\t<div class=\"elementor-container elementor-column-gap-default\">\n\t\t\t\t\t<div class=\"has_eae_slider elementor-column elementor-col-50 elementor-inner-column elementor-element elementor-element-9225141\" data-eae-slider=\"41469\" data-id=\"9225141\" data-element_type=\"column\" data-e-type=\"column\">\n\t\t\t<div class=\"elementor-widget-wrap elementor-element-populated\">\n\t\t\t\t\t\t<div class=\"elementor-element elementor-element-87e2718 elementor-widget elementor-widget-heading\" data-id=\"87e2718\" data-element_type=\"widget\" data-e-type=\"widget\" data-widget_type=\"heading.default\">\n\t\t\t\t<div class=\"elementor-widget-container\">\n\t\t\t\t\t<h2 class=\"elementor-heading-title elementor-size-default\">La formation du personnel consolide les performances <br>\u00e0 long&nbsp;terme<\/h2>\t\t\t\t<\/div>\n\t\t\t\t<\/div>\n\t\t\t\t\t<\/div>\n\t\t<\/div>\n\t\t\t\t<div class=\"has_eae_slider elementor-column elementor-col-50 elementor-inner-column elementor-element elementor-element-74ad937\" data-eae-slider=\"55544\" data-id=\"74ad937\" data-element_type=\"column\" data-e-type=\"column\">\n\t\t\t<div class=\"elementor-widget-wrap\">\n\t\t\t\t\t\t\t<\/div>\n\t\t<\/div>\n\t\t\t\t\t<\/div>\n\t\t<\/section>\n\t\t\t\t<div class=\"elementor-element elementor-element-d245c3e elementor-widget__width-initial elementor-widget elementor-widget-heading\" data-id=\"d245c3e\" data-element_type=\"widget\" data-e-type=\"widget\" data-widget_type=\"heading.default\">\n\t\t\t\t<div class=\"elementor-widget-container\">\n\t\t\t\t\t<h4 class=\"elementor-heading-title elementor-size-default\">Notre comp\u00e9titivit\u00e9 \u00e0 long terme est li\u00e9e directement \u00e0 notre capacit\u00e9 \u00e0 recruter, \u00e0 d\u00e9velopper et \u00e0 retenir les meilleurs talents. Un facteur cl\u00e9 de notre strat\u00e9gie de d\u00e9veloppement durable&nbsp;2030 consiste \u00e0 renforcer l\u2019exp\u00e9rience du personnel en leur offrant un environnement dans lequel tout le monde trouve l\u2019inspiration n\u00e9cessaire pour b\u00e2tir sa carri\u00e8re et contribuer \u00e0 la raison d\u2019\u00eatre de&nbsp;l\u2019entreprise.  <\/h4>\t\t\t\t<\/div>\n\t\t\t\t<\/div>\n\t\t\t\t<div class=\"elementor-element elementor-element-d41eac6 elementor-invisible elementor-widget elementor-widget-text-editor\" data-id=\"d41eac6\" data-element_type=\"widget\" data-e-type=\"widget\" data-settings=\"{&quot;_animation&quot;:&quot;fadeInUp&quot;}\" data-widget_type=\"text-editor.default\">\n\t\t\t\t<div class=\"elementor-widget-container\">\n\t\t\t\t\t\t\t\t\t<p>Notre succ\u00e8s \u00e0 cet \u00e9gard repose sur les possibilit\u00e9s de d\u00e9veloppement et de formation qui nous permettent d\u2019outiller nos employ\u00e9s. Notre vaste gamme de formations ax\u00e9es sur l\u2019\u00e9thique, les droits de la personne et le d\u00e9veloppement durable soutiennent et renforcent efficacement notre\u00a0gouvernance.<\/p>\t\t\t\t\t\t\t\t<\/div>\n\t\t\t\t<\/div>\n\t\t\t\t<div class=\"elementor-element elementor-element-746ff68 elementor-invisible elementor-widget elementor-widget-text-editor\" data-id=\"746ff68\" data-element_type=\"widget\" data-e-type=\"widget\" data-settings=\"{&quot;_animation&quot;:&quot;fadeInUp&quot;}\" data-widget_type=\"text-editor.default\">\n\t\t\t\t<div class=\"elementor-widget-container\">\n\t\t\t\t\t\t\t\t\t<p><strong>Formation en mati\u00e8re de d\u00e9veloppement durable et d\u2019\u00e9thique<\/strong><br \/>Tout au long de l\u2019ann\u00e9e, nous avons organis\u00e9 des s\u00e9ances de formation pour plusieurs groupes au sein de l\u2019entreprise sur les tendances \u00e9mergentes et les d\u00e9veloppements li\u00e9s \u00e0 notre travail environnemental, social et de gouvernance (ESG). Les s\u00e9ances couvraient les bases ESG, tandis que des ateliers suppl\u00e9mentaires se concentraient sur les changements climatiques, la gestion du carbone et la pr\u00e9sentation de rapports sur le d\u00e9veloppement durable.<\/p>\t\t\t\t\t\t\t\t<\/div>\n\t\t\t\t<\/div>\n\t\t\t\t<div class=\"elementor-element elementor-element-71f7b52 elementor-invisible elementor-widget elementor-widget-text-editor\" data-id=\"71f7b52\" data-element_type=\"widget\" data-e-type=\"widget\" data-settings=\"{&quot;_animation&quot;:&quot;fadeInUp&quot;}\" data-widget_type=\"text-editor.default\">\n\t\t\t\t<div class=\"elementor-widget-container\">\n\t\t\t\t\t\t\t\t\tNotre <i>Code d\u2019\u00e9thique et de conduite des affaires<\/i> est un outil important pour guider nos employ\u00e9s afin qu\u2019ils respectent nos normes \u00e9lev\u00e9es d\u2019int\u00e9grit\u00e9, d\u2019\u00e9thique et de conformit\u00e9. En 2024, nous avons form\u00e9 la totalit\u00e9 des nouveaux membres de notre personnel au Code. De plus, nous avons offert des formations \u00e0 50\u00a0membres du personnel concernant la <i>Loi sur la lutte contre le travail forc\u00e9 et le travail des enfants dans les cha\u00eenes d\u2019approvisionnement<\/i> du Canada. Cette loi, adopt\u00e9e en mai\u00a02023 et entr\u00e9e en vigueur en janvier\u00a02024, vise \u00e0 identifier et \u00e0 \u00e9radiquer les situations d\u2019exploitation dans les cha\u00eenes d\u2019approvisionnement des entreprise.\t\t\t\t\t\t\t\t<\/div>\n\t\t\t\t<\/div>\n\t\t\t\t<div class=\"elementor-element elementor-element-daec3f0 elementor-invisible elementor-widget elementor-widget-text-editor\" data-id=\"daec3f0\" data-element_type=\"widget\" data-e-type=\"widget\" data-settings=\"{&quot;_animation&quot;:&quot;fadeInUp&quot;}\" data-widget_type=\"text-editor.default\">\n\t\t\t\t<div class=\"elementor-widget-container\">\n\t\t\t\t\t\t\t\t\t<strong>Am\u00e9lioration des processus de travail<\/strong><br>Une meilleure compr\u00e9hension des pr\u00e9jug\u00e9s inconscients contribue \u00e0 l\u2019am\u00e9lioration du lieu de travail. C\u2019est pourquoi tous nos employ\u00e9s salari\u00e9s ont \u00e9t\u00e9 form\u00e9s \u00e0 reconna\u00eetre leurs propres pr\u00e9jug\u00e9s et \u00e0 y rem\u00e9dier. En plus des formations sur notre processus de gestion du rendement, certains membres du personnel ont particip\u00e9 \u00e0 des s\u00e9ances de perfectionnement portant notamment sur la d\u00e9l\u00e9gation des responsabilit\u00e9s et la gestion du changement, afin de soutenir tant la croissance individuelle que les capacit\u00e9s de leadership au sein de l\u2019entreprise.<i> <\/i>  \t\t\t\t\t\t\t\t<\/div>\n\t\t\t\t<\/div>\n\t\t\t\t<div class=\"elementor-element elementor-element-a325fd2 elementor-invisible elementor-widget elementor-widget-text-editor\" data-id=\"a325fd2\" data-element_type=\"widget\" data-e-type=\"widget\" data-settings=\"{&quot;_animation&quot;:&quot;fadeInUp&quot;}\" data-widget_type=\"text-editor.default\">\n\t\t\t\t<div class=\"elementor-widget-container\">\n\t\t\t\t\t\t\t\t\t<p>Nous avons \u00e9galement offert une formation Lean Six\u00a0Sigma<sup>\u00ae<\/sup> Yellow Belt \u00e0 certains membres du personnel des exploitations et de nos bureaux. Ax\u00e9e sur les principes de base de l\u2019am\u00e9lioration continue, cette formation procure les connaissances et les comp\u00e9tences pour contribuer \u00e0 l\u2019am\u00e9lioration des processus, aider \u00e0 d\u00e9celer les enjeux li\u00e9s aux processus et am\u00e9liorer la collecte de donn\u00e9es. Certains membres du personnel ont aussi pris part \u00e0 des occasions de perfectionnement cibl\u00e9es, portant notamment sur la gestion de projet, l\u2019innovation, la cr\u00e9ation d\u2019une culture d\u2019agilit\u00e9 et le d\u00e9veloppement d\u2019une \u00e9quipe. Ces formations ont permis de renforcer notre accent sur l\u2019adaptabilit\u00e9, le leadership et l\u2019am\u00e9lioration continue.<i> <\/i><i> <\/i><\/p>\t\t\t\t\t\t\t\t<\/div>\n\t\t\t\t<\/div>\n\t\t\t\t<div class=\"elementor-element elementor-element-469e2dd elementor-invisible elementor-widget elementor-widget-text-editor\" data-id=\"469e2dd\" data-element_type=\"widget\" data-e-type=\"widget\" data-settings=\"{&quot;_animation&quot;:&quot;fadeInUp&quot;}\" data-widget_type=\"text-editor.default\">\n\t\t\t\t<div class=\"elementor-widget-container\">\n\t\t\t\t\t\t\t\t\t<strong>Perfectionner ses comp\u00e9tences informatiques<\/strong><br>\nNotre capacit\u00e9 \u00e0 tirer le meilleur parti de la technologie est \u00e0 l\u2019origine de nos initiatives de formation informatique. En 2024, notre personnel a consacr\u00e9 collectivement plus de 5\u00a0700 heures \u00e0 apprendre et \u00e0 ma\u00eetriser les applications Microsoft\u00a0365. De plus, nous offrons fr\u00e9quemment \u00e0 notre personnel des s\u00e9ances de formation pour les aider \u00e0 surmonter les complexit\u00e9s des risques et menaces en ligne.\t\t\t\t\t\t\t\t<\/div>\n\t\t\t\t<\/div>\n\t\t\t\t<div class=\"elementor-element elementor-element-58f0eb7 elementor-widget elementor-widget-spacer\" data-id=\"58f0eb7\" data-element_type=\"widget\" data-e-type=\"widget\" data-widget_type=\"spacer.default\">\n\t\t\t\t<div class=\"elementor-widget-container\">\n\t\t\t\t\t\t\t<div class=\"elementor-spacer\">\n\t\t\t<div class=\"elementor-spacer-inner\"><\/div>\n\t\t<\/div>\n\t\t\t\t\t\t<\/div>\n\t\t\t\t<\/div>\n\t\t\t\t<div class=\"elementor-element elementor-element-b942eb0 elementor-invisible elementor-widget elementor-widget-text-editor\" data-id=\"b942eb0\" data-element_type=\"widget\" data-e-type=\"widget\" data-settings=\"{&quot;_animation&quot;:&quot;fadeInUp&quot;}\" data-widget_type=\"text-editor.default\">\n\t\t\t\t<div class=\"elementor-widget-container\">\n\t\t\t\t\t\t\t\t\t<h2 style=\"color: white;\">Formation annuelle sur la conformit\u00e9<\/h2>\n<span style=\"color: #ffffff;\">Tout en exer\u00e7ant nos activit\u00e9s et en int\u00e9grant nos pratiques commerciales, nous continuons \u00e0 nous conformer aux lois et r\u00e8glements ainsi qu\u2019aux exigences rigoureuses de notre <i>Code d\u2019\u00e9thique et de conduite des affaires<\/i>. Pour cette raison, chaque membre du personnel est tenu de suivre une formation annuelle sur la conformit\u00e9, afin de s\u2019assurer de comprendre la conduite \u00e9thique et juridique dans l\u2019ensemble des r\u00e9gions dans lesquelles nous exer\u00e7ons nos activit\u00e9s, et de s\u2019y engager collectivement. <\/span>\t\t\t\t\t\t\t\t<\/div>\n\t\t\t\t<\/div>\n\t\t\t\t<div class=\"elementor-element elementor-element-d3445b9 elementor-widget elementor-widget-heading\" data-id=\"d3445b9\" data-element_type=\"widget\" data-e-type=\"widget\" data-widget_type=\"heading.default\">\n\t\t\t\t<div class=\"elementor-widget-container\">\n\t\t\t\t\t<h2 class=\"elementor-heading-title elementor-size-default\">Plus d'histoires<\/h2>\t\t\t\t<\/div>\n\t\t\t\t<\/div>\n\t\t\t\t<section class=\"has_eae_slider elementor-section elementor-inner-section elementor-element elementor-element-c957720 img-box-ross elementor-section-boxed elementor-section-height-default elementor-section-height-default\" data-eae-slider=\"47145\" data-id=\"c957720\" data-element_type=\"section\" data-e-type=\"section\">\n\t\t\t\t\t\t<div class=\"elementor-container elementor-column-gap-default\">\n\t\t\t\t\t<div class=\"has_eae_slider elementor-column elementor-col-50 elementor-inner-column elementor-element elementor-element-ef4aa7f\" data-eae-slider=\"13491\" data-id=\"ef4aa7f\" data-element_type=\"column\" data-e-type=\"column\">\n\t\t\t<div class=\"elementor-widget-wrap elementor-element-populated\">\n\t\t\t\t\t\t<div class=\"elementor-element elementor-element-a8108c7 elementor-position-right image-widget-link arrow-link elementor-vertical-align-top elementor-widget elementor-widget-image-box\" data-id=\"a8108c7\" data-element_type=\"widget\" data-e-type=\"widget\" data-widget_type=\"image-box.default\">\n\t\t\t\t<div class=\"elementor-widget-container\">\n\t\t\t\t\t<div class=\"elementor-image-box-wrapper\"><figure class=\"elementor-image-box-img\"><img decoding=\"async\" width=\"1200\" height=\"800\" src=\"https:\/\/www.domtar.com\/wp-content\/uploads\/2025\/09\/Domtar-Recipient-of-Diversity-and-Inclusion-Employer-Award.png\" class=\"attachment-full size-full wp-image-40891\" alt=\"\" srcset=\"https:\/\/www.domtar.com\/wp-content\/uploads\/2025\/09\/Domtar-Recipient-of-Diversity-and-Inclusion-Employer-Award.png 1200w, https:\/\/www.domtar.com\/wp-content\/uploads\/2025\/09\/Domtar-Recipient-of-Diversity-and-Inclusion-Employer-Award-450x300.png 450w, https:\/\/www.domtar.com\/wp-content\/uploads\/2025\/09\/Domtar-Recipient-of-Diversity-and-Inclusion-Employer-Award-1024x683.png 1024w, https:\/\/www.domtar.com\/wp-content\/uploads\/2025\/09\/Domtar-Recipient-of-Diversity-and-Inclusion-Employer-Award-768x512.png 768w, https:\/\/www.domtar.com\/wp-content\/uploads\/2025\/09\/Domtar-Recipient-of-Diversity-and-Inclusion-Employer-Award-300x200.png 300w\" sizes=\"(max-width: 1200px) 100vw, 1200px\" \/><\/figure><div class=\"elementor-image-box-content\"><p class=\"elementor-image-box-title\">Domtar re\u00e7oit le Prix de l\u2019employeur pour la diversit\u00e9 et l\u2019inclusion<\/p><p class=\"elementor-image-box-description\">\n\n<a href=\"https:\/\/www.domtar.com\/fr\/responsabilite\/durabilite\/nos-gens-et-nos-collectivites\/domtar-recoit-le-prix-de-lemployeur-pour-la-diversite-et-linclusion\/\">Lire cette histoire  <\/a><\/p><\/div><\/div>\t\t\t\t<\/div>\n\t\t\t\t<\/div>\n\t\t\t\t\t<\/div>\n\t\t<\/div>\n\t\t\t\t<div class=\"has_eae_slider elementor-column elementor-col-50 elementor-inner-column elementor-element elementor-element-9e66eef\" data-eae-slider=\"34608\" data-id=\"9e66eef\" data-element_type=\"column\" data-e-type=\"column\">\n\t\t\t<div class=\"elementor-widget-wrap elementor-element-populated\">\n\t\t\t\t\t\t<div class=\"elementor-element elementor-element-b658d53 elementor-position-right image-widget-link arrow-link elementor-vertical-align-top elementor-widget elementor-widget-image-box\" data-id=\"b658d53\" data-element_type=\"widget\" data-e-type=\"widget\" data-widget_type=\"image-box.default\">\n\t\t\t\t<div class=\"elementor-widget-container\">\n\t\t\t\t\t<div class=\"elementor-image-box-wrapper\"><figure class=\"elementor-image-box-img\"><img loading=\"lazy\" decoding=\"async\" width=\"1200\" height=\"800\" src=\"https:\/\/www.domtar.com\/wp-content\/uploads\/2025\/09\/Empowering-Communities-Through-Financial-Support-and-Action-1-1.png\" class=\"attachment-full size-full wp-image-40899\" alt=\"\" srcset=\"https:\/\/www.domtar.com\/wp-content\/uploads\/2025\/09\/Empowering-Communities-Through-Financial-Support-and-Action-1-1.png 1200w, https:\/\/www.domtar.com\/wp-content\/uploads\/2025\/09\/Empowering-Communities-Through-Financial-Support-and-Action-1-1-450x300.png 450w, https:\/\/www.domtar.com\/wp-content\/uploads\/2025\/09\/Empowering-Communities-Through-Financial-Support-and-Action-1-1-1024x683.png 1024w, https:\/\/www.domtar.com\/wp-content\/uploads\/2025\/09\/Empowering-Communities-Through-Financial-Support-and-Action-1-1-768x512.png 768w, https:\/\/www.domtar.com\/wp-content\/uploads\/2025\/09\/Empowering-Communities-Through-Financial-Support-and-Action-1-1-300x200.png 300w\" sizes=\"(max-width: 1200px) 100vw, 1200px\" \/><\/figure><div class=\"elementor-image-box-content\"><p class=\"elementor-image-box-title\">Renforcer les communaut\u00e9s en apportant un soutien financier et des gestes concrets<\/p><p class=\"elementor-image-box-description\">\n\n<a href=\"https:\/\/www.domtar.com\/fr\/responsabilite\/durabilite\/nos-gens-et-nos-collectivites\/renforcer-les-communautes-par-le-soutien-financier-et-laction\/\">Lire cette histoire  <\/a><\/p><\/div><\/div>\t\t\t\t<\/div>\n\t\t\t\t<\/div>\n\t\t\t\t\t<\/div>\n\t\t<\/div>\n\t\t\t\t\t<\/div>\n\t\t<\/section>\n\t\t\t\t\t<\/div>\n\t\t<\/div>\n\t\t\t\t\t<\/div>\n\t\t<\/section>\n\t\t\t\t<\/div>\n\t\t","protected":false},"excerpt":{"rendered":"<p>Nos gens etnos collectivit\u00e9s La formation du personnel consolide les performances \u00e0 long&nbsp;terme Notre comp\u00e9titivit\u00e9 \u00e0 long terme est li\u00e9e directement \u00e0 notre capacit\u00e9 \u00e0 recruter, \u00e0 d\u00e9velopper et \u00e0 retenir les meilleurs talents. Un facteur cl\u00e9 de notre strat\u00e9gie de d\u00e9veloppement durable&nbsp;2030 consiste \u00e0 renforcer l\u2019exp\u00e9rience du personnel en leur offrant un environnement dans &hellip;<\/p>\n","protected":false},"author":49,"featured_media":0,"parent":41631,"menu_order":0,"comment_status":"closed","ping_status":"closed","template":"elementor_header_footer","meta":{"_acf_changed":false,"_genesis_block_theme_hide_title":false,"footnotes":""},"our-locations":[],"class_list":["post-41810","page","type-page","status-publish","hentry","post","without-featured-image"],"acf":[],"yoast_head":"<!-- This site is optimized with the Yoast SEO Premium plugin v27.4 (Yoast SEO v27.5) - https:\/\/yoast.com\/product\/yoast-seo-premium-wordpress\/ -->\n<title>La formation du personnel consolide les performances \u00e0 long terme - Domtar<\/title>\n<meta name=\"robots\" content=\"index, follow, max-snippet:-1, max-image-preview:large, max-video-preview:-1\" \/>\n<link rel=\"canonical\" href=\"https:\/\/www.domtar.com\/fr\/responsabilite\/durabilite\/nos-gens-et-nos-collectivites\/la-formation-du-personnel-consolide-les-performances-a-long-terme\/\" \/>\n<meta property=\"og:locale\" content=\"fr_FR\" \/>\n<meta property=\"og:type\" content=\"article\" \/>\n<meta property=\"og:title\" content=\"La formation du personnel consolide les performances \u00e0 long terme\" \/>\n<meta property=\"og:description\" content=\"Nos gens etnos collectivit\u00e9s La formation du personnel consolide les performances \u00e0 long&nbsp;terme Notre comp\u00e9titivit\u00e9 \u00e0 long terme est li\u00e9e directement \u00e0 notre capacit\u00e9 \u00e0 recruter, \u00e0 d\u00e9velopper et \u00e0 retenir les meilleurs talents. Un facteur cl\u00e9 de notre strat\u00e9gie de d\u00e9veloppement durable&nbsp;2030 consiste \u00e0 renforcer l\u2019exp\u00e9rience du personnel en leur offrant un environnement dans &hellip;\" \/>\n<meta property=\"og:url\" content=\"https:\/\/www.domtar.com\/fr\/responsabilite\/durabilite\/nos-gens-et-nos-collectivites\/la-formation-du-personnel-consolide-les-performances-a-long-terme\/\" \/>\n<meta property=\"og:site_name\" content=\"Domtar\" \/>\n<meta property=\"article:publisher\" content=\"https:\/\/www.facebook.com\/DomtarEveryday\/\" \/>\n<meta property=\"article:modified_time\" content=\"2025-09-23T15:48:36+00:00\" \/>\n<meta property=\"og:image\" content=\"https:\/\/www.domtar.com\/wp-content\/uploads\/2025\/07\/chlie-ross-top-1-icon-1.webp\" \/>\n\t<meta property=\"og:image:width\" content=\"92\" \/>\n\t<meta property=\"og:image:height\" content=\"92\" \/>\n\t<meta property=\"og:image:type\" content=\"image\/webp\" \/>\n<meta name=\"twitter:card\" content=\"summary_large_image\" \/>\n<meta name=\"twitter:site\" content=\"@DomtarEveryday\" \/>\n<meta name=\"twitter:label1\" content=\"Dur\u00e9e de lecture estim\u00e9e\" \/>\n\t<meta name=\"twitter:data1\" content=\"5 minutes\" \/>\n<script type=\"application\/ld+json\" class=\"yoast-schema-graph\">{\"@context\":\"https:\\\/\\\/schema.org\",\"@graph\":[{\"@type\":\"WebPage\",\"@id\":\"https:\\\/\\\/www.domtar.com\\\/fr\\\/responsabilite\\\/durabilite\\\/nos-gens-et-nos-collectivites\\\/la-formation-du-personnel-consolide-les-performances-a-long-terme\\\/\",\"url\":\"https:\\\/\\\/www.domtar.com\\\/fr\\\/responsabilite\\\/durabilite\\\/nos-gens-et-nos-collectivites\\\/la-formation-du-personnel-consolide-les-performances-a-long-terme\\\/\",\"name\":\"La formation du personnel consolide les performances \u00e0 long terme - Domtar\",\"isPartOf\":{\"@id\":\"https:\\\/\\\/www.domtar.com\\\/fr\\\/#website\"},\"primaryImageOfPage\":{\"@id\":\"https:\\\/\\\/www.domtar.com\\\/fr\\\/responsabilite\\\/durabilite\\\/nos-gens-et-nos-collectivites\\\/la-formation-du-personnel-consolide-les-performances-a-long-terme\\\/#primaryimage\"},\"image\":{\"@id\":\"https:\\\/\\\/www.domtar.com\\\/fr\\\/responsabilite\\\/durabilite\\\/nos-gens-et-nos-collectivites\\\/la-formation-du-personnel-consolide-les-performances-a-long-terme\\\/#primaryimage\"},\"thumbnailUrl\":\"https:\\\/\\\/www.domtar.com\\\/wp-content\\\/uploads\\\/2025\\\/07\\\/chlie-ross-top-1-icon-1.webp\",\"datePublished\":\"2025-09-05T19:00:10+00:00\",\"dateModified\":\"2025-09-23T15:48:36+00:00\",\"breadcrumb\":{\"@id\":\"https:\\\/\\\/www.domtar.com\\\/fr\\\/responsabilite\\\/durabilite\\\/nos-gens-et-nos-collectivites\\\/la-formation-du-personnel-consolide-les-performances-a-long-terme\\\/#breadcrumb\"},\"inLanguage\":\"fr-FR\",\"potentialAction\":[{\"@type\":\"ReadAction\",\"target\":[\"https:\\\/\\\/www.domtar.com\\\/fr\\\/responsabilite\\\/durabilite\\\/nos-gens-et-nos-collectivites\\\/la-formation-du-personnel-consolide-les-performances-a-long-terme\\\/\"]}]},{\"@type\":\"ImageObject\",\"inLanguage\":\"fr-FR\",\"@id\":\"https:\\\/\\\/www.domtar.com\\\/fr\\\/responsabilite\\\/durabilite\\\/nos-gens-et-nos-collectivites\\\/la-formation-du-personnel-consolide-les-performances-a-long-terme\\\/#primaryimage\",\"url\":\"https:\\\/\\\/www.domtar.com\\\/wp-content\\\/uploads\\\/2025\\\/07\\\/chlie-ross-top-1-icon-1.webp\",\"contentUrl\":\"https:\\\/\\\/www.domtar.com\\\/wp-content\\\/uploads\\\/2025\\\/07\\\/chlie-ross-top-1-icon-1.webp\"},{\"@type\":\"BreadcrumbList\",\"@id\":\"https:\\\/\\\/www.domtar.com\\\/fr\\\/responsabilite\\\/durabilite\\\/nos-gens-et-nos-collectivites\\\/la-formation-du-personnel-consolide-les-performances-a-long-terme\\\/#breadcrumb\",\"itemListElement\":[{\"@type\":\"ListItem\",\"position\":1,\"name\":\"Home\",\"item\":\"https:\\\/\\\/www.domtar.com\\\/fr\\\/\"},{\"@type\":\"ListItem\",\"position\":2,\"name\":\"Responsabilit\u00e9\",\"item\":\"https:\\\/\\\/www.domtar.com\\\/fr\\\/responsabilite\\\/\"},{\"@type\":\"ListItem\",\"position\":3,\"name\":\"Durabilit\u00e9\",\"item\":\"https:\\\/\\\/www.domtar.com\\\/fr\\\/responsabilite\\\/durabilite\\\/\"},{\"@type\":\"ListItem\",\"position\":4,\"name\":\"Nos gens et nos collectivit\u00e9s\",\"item\":\"https:\\\/\\\/www.domtar.com\\\/fr\\\/responsabilite\\\/durabilite\\\/nos-gens-et-nos-collectivites\\\/\"},{\"@type\":\"ListItem\",\"position\":5,\"name\":\"La formation du personnel consolide les performances \u00e0 long terme\"}]},{\"@type\":\"WebSite\",\"@id\":\"https:\\\/\\\/www.domtar.com\\\/fr\\\/#website\",\"url\":\"https:\\\/\\\/www.domtar.com\\\/fr\\\/\",\"name\":\"Domtar | The Fiber for the Future\",\"description\":\"The Sustainable Paper, Pulp and Packaging Company\",\"publisher\":{\"@id\":\"https:\\\/\\\/www.domtar.com\\\/fr\\\/#organization\"},\"alternateName\":\"Domtar\",\"potentialAction\":[{\"@type\":\"SearchAction\",\"target\":{\"@type\":\"EntryPoint\",\"urlTemplate\":\"https:\\\/\\\/www.domtar.com\\\/fr\\\/?s={search_term_string}\"},\"query-input\":{\"@type\":\"PropertyValueSpecification\",\"valueRequired\":true,\"valueName\":\"search_term_string\"}}],\"inLanguage\":\"fr-FR\"},{\"@type\":\"Organization\",\"@id\":\"https:\\\/\\\/www.domtar.com\\\/fr\\\/#organization\",\"name\":\"Domtar\",\"url\":\"https:\\\/\\\/www.domtar.com\\\/fr\\\/\",\"logo\":{\"@type\":\"ImageObject\",\"inLanguage\":\"fr-FR\",\"@id\":\"https:\\\/\\\/www.domtar.com\\\/fr\\\/#\\\/schema\\\/logo\\\/image\\\/\",\"url\":\"https:\\\/\\\/www.domtar.com\\\/wp-content\\\/uploads\\\/2023\\\/03\\\/domtar_logo_rgb_green.png\",\"contentUrl\":\"https:\\\/\\\/www.domtar.com\\\/wp-content\\\/uploads\\\/2023\\\/03\\\/domtar_logo_rgb_green.png\",\"width\":1153,\"height\":263,\"caption\":\"Domtar\"},\"image\":{\"@id\":\"https:\\\/\\\/www.domtar.com\\\/fr\\\/#\\\/schema\\\/logo\\\/image\\\/\"},\"sameAs\":[\"https:\\\/\\\/www.facebook.com\\\/DomtarEveryday\\\/\",\"https:\\\/\\\/x.com\\\/DomtarEveryday\",\"https:\\\/\\\/www.linkedin.com\\\/company\\\/domtar\\\/\",\"https:\\\/\\\/www.youtube.com\\\/channel\\\/UCh8Zhq2Rmxhl5Km0krrGoYw\"],\"ethicsPolicy\":\"https:\\\/\\\/www.domtar.com\\\/fr\\\/notre-entreprise\\\/ethique-et-conformite\\\/\"}]}<\/script>\n<!-- \/ Yoast SEO Premium plugin. -->","yoast_head_json":{"title":"La formation du personnel consolide les performances \u00e0 long terme - Domtar","robots":{"index":"index","follow":"follow","max-snippet":"max-snippet:-1","max-image-preview":"max-image-preview:large","max-video-preview":"max-video-preview:-1"},"canonical":"https:\/\/www.domtar.com\/fr\/responsabilite\/durabilite\/nos-gens-et-nos-collectivites\/la-formation-du-personnel-consolide-les-performances-a-long-terme\/","og_locale":"fr_FR","og_type":"article","og_title":"La formation du personnel consolide les performances \u00e0 long terme","og_description":"Nos gens etnos collectivit\u00e9s La formation du personnel consolide les performances \u00e0 long&nbsp;terme Notre comp\u00e9titivit\u00e9 \u00e0 long terme est li\u00e9e directement \u00e0 notre capacit\u00e9 \u00e0 recruter, \u00e0 d\u00e9velopper et \u00e0 retenir les meilleurs talents. Un facteur cl\u00e9 de notre strat\u00e9gie de d\u00e9veloppement durable&nbsp;2030 consiste \u00e0 renforcer l\u2019exp\u00e9rience du personnel en leur offrant un environnement dans &hellip;","og_url":"https:\/\/www.domtar.com\/fr\/responsabilite\/durabilite\/nos-gens-et-nos-collectivites\/la-formation-du-personnel-consolide-les-performances-a-long-terme\/","og_site_name":"Domtar","article_publisher":"https:\/\/www.facebook.com\/DomtarEveryday\/","article_modified_time":"2025-09-23T15:48:36+00:00","og_image":[{"width":92,"height":92,"url":"https:\/\/www.domtar.com\/wp-content\/uploads\/2025\/07\/chlie-ross-top-1-icon-1.webp","type":"image\/webp"}],"twitter_card":"summary_large_image","twitter_site":"@DomtarEveryday","twitter_misc":{"Dur\u00e9e de lecture estim\u00e9e":"5 minutes"},"schema":{"@context":"https:\/\/schema.org","@graph":[{"@type":"WebPage","@id":"https:\/\/www.domtar.com\/fr\/responsabilite\/durabilite\/nos-gens-et-nos-collectivites\/la-formation-du-personnel-consolide-les-performances-a-long-terme\/","url":"https:\/\/www.domtar.com\/fr\/responsabilite\/durabilite\/nos-gens-et-nos-collectivites\/la-formation-du-personnel-consolide-les-performances-a-long-terme\/","name":"La formation du personnel consolide les performances \u00e0 long terme - Domtar","isPartOf":{"@id":"https:\/\/www.domtar.com\/fr\/#website"},"primaryImageOfPage":{"@id":"https:\/\/www.domtar.com\/fr\/responsabilite\/durabilite\/nos-gens-et-nos-collectivites\/la-formation-du-personnel-consolide-les-performances-a-long-terme\/#primaryimage"},"image":{"@id":"https:\/\/www.domtar.com\/fr\/responsabilite\/durabilite\/nos-gens-et-nos-collectivites\/la-formation-du-personnel-consolide-les-performances-a-long-terme\/#primaryimage"},"thumbnailUrl":"https:\/\/www.domtar.com\/wp-content\/uploads\/2025\/07\/chlie-ross-top-1-icon-1.webp","datePublished":"2025-09-05T19:00:10+00:00","dateModified":"2025-09-23T15:48:36+00:00","breadcrumb":{"@id":"https:\/\/www.domtar.com\/fr\/responsabilite\/durabilite\/nos-gens-et-nos-collectivites\/la-formation-du-personnel-consolide-les-performances-a-long-terme\/#breadcrumb"},"inLanguage":"fr-FR","potentialAction":[{"@type":"ReadAction","target":["https:\/\/www.domtar.com\/fr\/responsabilite\/durabilite\/nos-gens-et-nos-collectivites\/la-formation-du-personnel-consolide-les-performances-a-long-terme\/"]}]},{"@type":"ImageObject","inLanguage":"fr-FR","@id":"https:\/\/www.domtar.com\/fr\/responsabilite\/durabilite\/nos-gens-et-nos-collectivites\/la-formation-du-personnel-consolide-les-performances-a-long-terme\/#primaryimage","url":"https:\/\/www.domtar.com\/wp-content\/uploads\/2025\/07\/chlie-ross-top-1-icon-1.webp","contentUrl":"https:\/\/www.domtar.com\/wp-content\/uploads\/2025\/07\/chlie-ross-top-1-icon-1.webp"},{"@type":"BreadcrumbList","@id":"https:\/\/www.domtar.com\/fr\/responsabilite\/durabilite\/nos-gens-et-nos-collectivites\/la-formation-du-personnel-consolide-les-performances-a-long-terme\/#breadcrumb","itemListElement":[{"@type":"ListItem","position":1,"name":"Home","item":"https:\/\/www.domtar.com\/fr\/"},{"@type":"ListItem","position":2,"name":"Responsabilit\u00e9","item":"https:\/\/www.domtar.com\/fr\/responsabilite\/"},{"@type":"ListItem","position":3,"name":"Durabilit\u00e9","item":"https:\/\/www.domtar.com\/fr\/responsabilite\/durabilite\/"},{"@type":"ListItem","position":4,"name":"Nos gens et nos collectivit\u00e9s","item":"https:\/\/www.domtar.com\/fr\/responsabilite\/durabilite\/nos-gens-et-nos-collectivites\/"},{"@type":"ListItem","position":5,"name":"La formation du personnel consolide les performances \u00e0 long terme"}]},{"@type":"WebSite","@id":"https:\/\/www.domtar.com\/fr\/#website","url":"https:\/\/www.domtar.com\/fr\/","name":"Domtar | The Fiber for the Future","description":"The Sustainable Paper, Pulp and Packaging Company","publisher":{"@id":"https:\/\/www.domtar.com\/fr\/#organization"},"alternateName":"Domtar","potentialAction":[{"@type":"SearchAction","target":{"@type":"EntryPoint","urlTemplate":"https:\/\/www.domtar.com\/fr\/?s={search_term_string}"},"query-input":{"@type":"PropertyValueSpecification","valueRequired":true,"valueName":"search_term_string"}}],"inLanguage":"fr-FR"},{"@type":"Organization","@id":"https:\/\/www.domtar.com\/fr\/#organization","name":"Domtar","url":"https:\/\/www.domtar.com\/fr\/","logo":{"@type":"ImageObject","inLanguage":"fr-FR","@id":"https:\/\/www.domtar.com\/fr\/#\/schema\/logo\/image\/","url":"https:\/\/www.domtar.com\/wp-content\/uploads\/2023\/03\/domtar_logo_rgb_green.png","contentUrl":"https:\/\/www.domtar.com\/wp-content\/uploads\/2023\/03\/domtar_logo_rgb_green.png","width":1153,"height":263,"caption":"Domtar"},"image":{"@id":"https:\/\/www.domtar.com\/fr\/#\/schema\/logo\/image\/"},"sameAs":["https:\/\/www.facebook.com\/DomtarEveryday\/","https:\/\/x.com\/DomtarEveryday","https:\/\/www.linkedin.com\/company\/domtar\/","https:\/\/www.youtube.com\/channel\/UCh8Zhq2Rmxhl5Km0krrGoYw"],"ethicsPolicy":"https:\/\/www.domtar.com\/fr\/notre-entreprise\/ethique-et-conformite\/"}]}},"_links":{"self":[{"href":"https:\/\/www.domtar.com\/fr\/wp-json\/wp\/v2\/pages\/41810","targetHints":{"allow":["GET"]}}],"collection":[{"href":"https:\/\/www.domtar.com\/fr\/wp-json\/wp\/v2\/pages"}],"about":[{"href":"https:\/\/www.domtar.com\/fr\/wp-json\/wp\/v2\/types\/page"}],"author":[{"embeddable":true,"href":"https:\/\/www.domtar.com\/fr\/wp-json\/wp\/v2\/users\/49"}],"replies":[{"embeddable":true,"href":"https:\/\/www.domtar.com\/fr\/wp-json\/wp\/v2\/comments?post=41810"}],"version-history":[{"count":0,"href":"https:\/\/www.domtar.com\/fr\/wp-json\/wp\/v2\/pages\/41810\/revisions"}],"up":[{"embeddable":true,"href":"https:\/\/www.domtar.com\/fr\/wp-json\/wp\/v2\/pages\/41631"}],"wp:attachment":[{"href":"https:\/\/www.domtar.com\/fr\/wp-json\/wp\/v2\/media?parent=41810"}],"wp:term":[{"taxonomy":"our-locations","embeddable":true,"href":"https:\/\/www.domtar.com\/fr\/wp-json\/wp\/v2\/our-locations?post=41810"}],"curies":[{"name":"wp","href":"https:\/\/api.w.org\/{rel}","templated":true}]}}