{"id":30438,"date":"2024-12-04T08:09:34","date_gmt":"2024-12-04T08:09:34","guid":{"rendered":"https:\/\/www.domtar.com\/our-location\/abitibi-and-nord-du-quebec-woodlands\/"},"modified":"2025-08-01T20:31:30","modified_gmt":"2025-08-01T20:31:30","slug":"abitibi-and-nord-du-quebec-woodlands","status":"publish","type":"our-location","link":"https:\/\/www.domtar.com\/fr\/our-location\/abitibi-and-nord-du-quebec-woodlands\/","title":{"rendered":"Abitibi et Nord-du-Qu\u00e9bec"},"content":{"rendered":"Resolute is well established in the Abitibi-T\u00e9miscamingue region thanks to its wood harvesting and processing activities. In 2021, Resolute announced an investment of $36 million to modernize equipment at the Senneterre sawmill in Quebec, which will improve the overall efficiency and productivity of its facilities in the region. The investment includes the purchase of a new planer and automated sorting bins. In the spring of 2022, Resolute also announced the purchase of a 34.5-megawatt thermal power plant adjacent to its Senneterre sawmill. With this plant, Resolute will maximize the use of biomass from its regional facilities to generate green energy and create a platform for growth and increased competitiveness in the Abitibi-T\u00e9miscamingue region. The Comtois and Senneterre sawmills, respectively, employ 79 and 166 people, and have an annual production capacity of 134 and 172 million board feet of lumber. The Amos paper mill, built in 1982, is located two kilometres from the Harricana River in Abitibi-T\u00e9miscamingue, one of the longest waterways in Canada. It was the first mill in the world to produce newsprint exclusively from thermomechanical pulp. Hit hard by the COVID-19 crisis and the decline in demand for paper in the markets it serves, the mill had to suspend its operations for an indefinite period on April 23, 2020.        ","protected":false},"featured_media":36107,"parent":0,"menu_order":27,"template":"","categories":[1427,1395],"class_list":["post-30438","our-location","type-our-location","status-publish","has-post-thumbnail","hentry","categories-wood-products","categories-woodlands","post","with-featured-image"],"acf":[],"yoast_head":"<!-- This site is optimized with the Yoast SEO Premium plugin v27.4 (Yoast SEO v27.4) - https:\/\/yoast.com\/product\/yoast-seo-premium-wordpress\/ -->\n<title>Abitibi et Nord-du-Qu\u00e9bec - Domtar<\/title>\n<meta name=\"description\" content=\"D\u00e9couvrez les op\u00e9rations foresti\u00e8res durables de Domtar en Abitibi-T\u00e9miscamingue et dans le Nord-du-Qu\u00e9bec, qui soutiennent les \u00e9conomies locales et la foresterie responsable.\" \/>\n<meta name=\"robots\" content=\"index, follow, max-snippet:-1, max-image-preview:large, max-video-preview:-1\" \/>\n<link rel=\"canonical\" href=\"https:\/\/www.domtar.com\/fr\/our-location\/abitibi-and-nord-du-quebec-woodlands\/\" \/>\n<meta property=\"og:locale\" content=\"fr_FR\" \/>\n<meta property=\"og:type\" content=\"article\" \/>\n<meta property=\"og:title\" content=\"Abitibi et Nord-du-Qu\u00e9bec\" \/>\n<meta property=\"og:description\" content=\"D\u00e9couvrez les op\u00e9rations foresti\u00e8res durables de Domtar en Abitibi-T\u00e9miscamingue et dans le Nord-du-Qu\u00e9bec, qui soutiennent les \u00e9conomies locales et la foresterie responsable.\" \/>\n<meta property=\"og:url\" content=\"https:\/\/www.domtar.com\/fr\/our-location\/abitibi-and-nord-du-quebec-woodlands\/\" \/>\n<meta property=\"og:site_name\" content=\"Domtar\" \/>\n<meta property=\"article:publisher\" content=\"https:\/\/www.facebook.com\/DomtarEveryday\/\" \/>\n<meta property=\"article:modified_time\" content=\"2025-08-01T20:31:30+00:00\" \/>\n<meta property=\"og:image\" content=\"https:\/\/www.domtar.com\/wp-content\/uploads\/2024\/12\/Quebec\u2013Abitibi-Temiscamingue-and-Outaouais_1200x400-02.jpg\" \/>\n\t<meta property=\"og:image:width\" content=\"1200\" \/>\n\t<meta property=\"og:image:height\" content=\"400\" \/>\n\t<meta property=\"og:image:type\" content=\"image\/jpeg\" \/>\n<meta name=\"twitter:card\" content=\"summary_large_image\" \/>\n<meta name=\"twitter:site\" content=\"@DomtarEveryday\" \/>\n<meta name=\"twitter:label1\" content=\"Dur\u00e9e de lecture estim\u00e9e\" \/>\n\t<meta name=\"twitter:data1\" content=\"2 minutes\" \/>\n<script type=\"application\/ld+json\" class=\"yoast-schema-graph\">{\"@context\":\"https:\\\/\\\/schema.org\",\"@graph\":[{\"@type\":\"WebPage\",\"@id\":\"https:\\\/\\\/www.domtar.com\\\/fr\\\/our-location\\\/abitibi-and-nord-du-quebec-woodlands\\\/\",\"url\":\"https:\\\/\\\/www.domtar.com\\\/fr\\\/our-location\\\/abitibi-and-nord-du-quebec-woodlands\\\/\",\"name\":\"Abitibi et Nord-du-Qu\u00e9bec - Domtar\",\"isPartOf\":{\"@id\":\"https:\\\/\\\/www.domtar.com\\\/fr\\\/#website\"},\"primaryImageOfPage\":{\"@id\":\"https:\\\/\\\/www.domtar.com\\\/fr\\\/our-location\\\/abitibi-and-nord-du-quebec-woodlands\\\/#primaryimage\"},\"image\":{\"@id\":\"https:\\\/\\\/www.domtar.com\\\/fr\\\/our-location\\\/abitibi-and-nord-du-quebec-woodlands\\\/#primaryimage\"},\"thumbnailUrl\":\"https:\\\/\\\/www.domtar.com\\\/wp-content\\\/uploads\\\/2024\\\/12\\\/Quebec\u2013Abitibi-Temiscamingue-and-Outaouais_1200x400-02.jpg\",\"datePublished\":\"2024-12-04T08:09:34+00:00\",\"dateModified\":\"2025-08-01T20:31:30+00:00\",\"description\":\"D\u00e9couvrez les op\u00e9rations foresti\u00e8res durables de Domtar en Abitibi-T\u00e9miscamingue et dans le Nord-du-Qu\u00e9bec, qui soutiennent les \u00e9conomies locales et la foresterie responsable.\",\"breadcrumb\":{\"@id\":\"https:\\\/\\\/www.domtar.com\\\/fr\\\/our-location\\\/abitibi-and-nord-du-quebec-woodlands\\\/#breadcrumb\"},\"inLanguage\":\"fr-FR\",\"potentialAction\":[{\"@type\":\"ReadAction\",\"target\":[\"https:\\\/\\\/www.domtar.com\\\/fr\\\/our-location\\\/abitibi-and-nord-du-quebec-woodlands\\\/\"]}]},{\"@type\":\"ImageObject\",\"inLanguage\":\"fr-FR\",\"@id\":\"https:\\\/\\\/www.domtar.com\\\/fr\\\/our-location\\\/abitibi-and-nord-du-quebec-woodlands\\\/#primaryimage\",\"url\":\"https:\\\/\\\/www.domtar.com\\\/wp-content\\\/uploads\\\/2024\\\/12\\\/Quebec\u2013Abitibi-Temiscamingue-and-Outaouais_1200x400-02.jpg\",\"contentUrl\":\"https:\\\/\\\/www.domtar.com\\\/wp-content\\\/uploads\\\/2024\\\/12\\\/Quebec\u2013Abitibi-Temiscamingue-and-Outaouais_1200x400-02.jpg\",\"width\":1200,\"height\":400,\"caption\":\"Quebec Abitibi\"},{\"@type\":\"BreadcrumbList\",\"@id\":\"https:\\\/\\\/www.domtar.com\\\/fr\\\/our-location\\\/abitibi-and-nord-du-quebec-woodlands\\\/#breadcrumb\",\"itemListElement\":[{\"@type\":\"ListItem\",\"position\":1,\"name\":\"Home\",\"item\":\"https:\\\/\\\/www.domtar.com\\\/fr\\\/\"},{\"@type\":\"ListItem\",\"position\":2,\"name\":\"Locations\",\"item\":\"https:\\\/\\\/www.domtar.com\\\/fr\\\/our-location\\\/\"},{\"@type\":\"ListItem\",\"position\":3,\"name\":\"Abitibi et Nord-du-Qu\u00e9bec\"}]},{\"@type\":\"WebSite\",\"@id\":\"https:\\\/\\\/www.domtar.com\\\/fr\\\/#website\",\"url\":\"https:\\\/\\\/www.domtar.com\\\/fr\\\/\",\"name\":\"Domtar | The Fiber for the Future\",\"description\":\"The Sustainable Paper, Pulp and Packaging Company\",\"publisher\":{\"@id\":\"https:\\\/\\\/www.domtar.com\\\/fr\\\/#organization\"},\"alternateName\":\"Domtar\",\"potentialAction\":[{\"@type\":\"SearchAction\",\"target\":{\"@type\":\"EntryPoint\",\"urlTemplate\":\"https:\\\/\\\/www.domtar.com\\\/fr\\\/?s={search_term_string}\"},\"query-input\":{\"@type\":\"PropertyValueSpecification\",\"valueRequired\":true,\"valueName\":\"search_term_string\"}}],\"inLanguage\":\"fr-FR\"},{\"@type\":\"Organization\",\"@id\":\"https:\\\/\\\/www.domtar.com\\\/fr\\\/#organization\",\"name\":\"Domtar\",\"url\":\"https:\\\/\\\/www.domtar.com\\\/fr\\\/\",\"logo\":{\"@type\":\"ImageObject\",\"inLanguage\":\"fr-FR\",\"@id\":\"https:\\\/\\\/www.domtar.com\\\/fr\\\/#\\\/schema\\\/logo\\\/image\\\/\",\"url\":\"https:\\\/\\\/www.domtar.com\\\/wp-content\\\/uploads\\\/2023\\\/03\\\/domtar_logo_rgb_green.png\",\"contentUrl\":\"https:\\\/\\\/www.domtar.com\\\/wp-content\\\/uploads\\\/2023\\\/03\\\/domtar_logo_rgb_green.png\",\"width\":1153,\"height\":263,\"caption\":\"Domtar\"},\"image\":{\"@id\":\"https:\\\/\\\/www.domtar.com\\\/fr\\\/#\\\/schema\\\/logo\\\/image\\\/\"},\"sameAs\":[\"https:\\\/\\\/www.facebook.com\\\/DomtarEveryday\\\/\",\"https:\\\/\\\/x.com\\\/DomtarEveryday\",\"https:\\\/\\\/www.linkedin.com\\\/company\\\/domtar\\\/\",\"https:\\\/\\\/www.youtube.com\\\/channel\\\/UCh8Zhq2Rmxhl5Km0krrGoYw\"],\"ethicsPolicy\":\"https:\\\/\\\/www.domtar.com\\\/fr\\\/notre-entreprise\\\/ethique-et-conformite\\\/\"}]}<\/script>\n<!-- \/ Yoast SEO Premium plugin. -->","yoast_head_json":{"title":"Abitibi et Nord-du-Qu\u00e9bec - Domtar","description":"D\u00e9couvrez les op\u00e9rations foresti\u00e8res durables de Domtar en Abitibi-T\u00e9miscamingue et dans le Nord-du-Qu\u00e9bec, qui soutiennent les \u00e9conomies locales et la foresterie responsable.","robots":{"index":"index","follow":"follow","max-snippet":"max-snippet:-1","max-image-preview":"max-image-preview:large","max-video-preview":"max-video-preview:-1"},"canonical":"https:\/\/www.domtar.com\/fr\/our-location\/abitibi-and-nord-du-quebec-woodlands\/","og_locale":"fr_FR","og_type":"article","og_title":"Abitibi et Nord-du-Qu\u00e9bec","og_description":"D\u00e9couvrez les op\u00e9rations foresti\u00e8res durables de Domtar en Abitibi-T\u00e9miscamingue et dans le Nord-du-Qu\u00e9bec, qui soutiennent les \u00e9conomies locales et la foresterie responsable.","og_url":"https:\/\/www.domtar.com\/fr\/our-location\/abitibi-and-nord-du-quebec-woodlands\/","og_site_name":"Domtar","article_publisher":"https:\/\/www.facebook.com\/DomtarEveryday\/","article_modified_time":"2025-08-01T20:31:30+00:00","og_image":[{"width":1200,"height":400,"url":"https:\/\/www.domtar.com\/wp-content\/uploads\/2024\/12\/Quebec\u2013Abitibi-Temiscamingue-and-Outaouais_1200x400-02.jpg","type":"image\/jpeg"}],"twitter_card":"summary_large_image","twitter_site":"@DomtarEveryday","twitter_misc":{"Dur\u00e9e de lecture estim\u00e9e":"2 minutes"},"schema":{"@context":"https:\/\/schema.org","@graph":[{"@type":"WebPage","@id":"https:\/\/www.domtar.com\/fr\/our-location\/abitibi-and-nord-du-quebec-woodlands\/","url":"https:\/\/www.domtar.com\/fr\/our-location\/abitibi-and-nord-du-quebec-woodlands\/","name":"Abitibi et Nord-du-Qu\u00e9bec - Domtar","isPartOf":{"@id":"https:\/\/www.domtar.com\/fr\/#website"},"primaryImageOfPage":{"@id":"https:\/\/www.domtar.com\/fr\/our-location\/abitibi-and-nord-du-quebec-woodlands\/#primaryimage"},"image":{"@id":"https:\/\/www.domtar.com\/fr\/our-location\/abitibi-and-nord-du-quebec-woodlands\/#primaryimage"},"thumbnailUrl":"https:\/\/www.domtar.com\/wp-content\/uploads\/2024\/12\/Quebec\u2013Abitibi-Temiscamingue-and-Outaouais_1200x400-02.jpg","datePublished":"2024-12-04T08:09:34+00:00","dateModified":"2025-08-01T20:31:30+00:00","description":"D\u00e9couvrez les op\u00e9rations foresti\u00e8res durables de Domtar en Abitibi-T\u00e9miscamingue et dans le Nord-du-Qu\u00e9bec, qui soutiennent les \u00e9conomies locales et la foresterie responsable.","breadcrumb":{"@id":"https:\/\/www.domtar.com\/fr\/our-location\/abitibi-and-nord-du-quebec-woodlands\/#breadcrumb"},"inLanguage":"fr-FR","potentialAction":[{"@type":"ReadAction","target":["https:\/\/www.domtar.com\/fr\/our-location\/abitibi-and-nord-du-quebec-woodlands\/"]}]},{"@type":"ImageObject","inLanguage":"fr-FR","@id":"https:\/\/www.domtar.com\/fr\/our-location\/abitibi-and-nord-du-quebec-woodlands\/#primaryimage","url":"https:\/\/www.domtar.com\/wp-content\/uploads\/2024\/12\/Quebec\u2013Abitibi-Temiscamingue-and-Outaouais_1200x400-02.jpg","contentUrl":"https:\/\/www.domtar.com\/wp-content\/uploads\/2024\/12\/Quebec\u2013Abitibi-Temiscamingue-and-Outaouais_1200x400-02.jpg","width":1200,"height":400,"caption":"Quebec Abitibi"},{"@type":"BreadcrumbList","@id":"https:\/\/www.domtar.com\/fr\/our-location\/abitibi-and-nord-du-quebec-woodlands\/#breadcrumb","itemListElement":[{"@type":"ListItem","position":1,"name":"Home","item":"https:\/\/www.domtar.com\/fr\/"},{"@type":"ListItem","position":2,"name":"Locations","item":"https:\/\/www.domtar.com\/fr\/our-location\/"},{"@type":"ListItem","position":3,"name":"Abitibi et Nord-du-Qu\u00e9bec"}]},{"@type":"WebSite","@id":"https:\/\/www.domtar.com\/fr\/#website","url":"https:\/\/www.domtar.com\/fr\/","name":"Domtar | The Fiber for the Future","description":"The Sustainable Paper, Pulp and Packaging Company","publisher":{"@id":"https:\/\/www.domtar.com\/fr\/#organization"},"alternateName":"Domtar","potentialAction":[{"@type":"SearchAction","target":{"@type":"EntryPoint","urlTemplate":"https:\/\/www.domtar.com\/fr\/?s={search_term_string}"},"query-input":{"@type":"PropertyValueSpecification","valueRequired":true,"valueName":"search_term_string"}}],"inLanguage":"fr-FR"},{"@type":"Organization","@id":"https:\/\/www.domtar.com\/fr\/#organization","name":"Domtar","url":"https:\/\/www.domtar.com\/fr\/","logo":{"@type":"ImageObject","inLanguage":"fr-FR","@id":"https:\/\/www.domtar.com\/fr\/#\/schema\/logo\/image\/","url":"https:\/\/www.domtar.com\/wp-content\/uploads\/2023\/03\/domtar_logo_rgb_green.png","contentUrl":"https:\/\/www.domtar.com\/wp-content\/uploads\/2023\/03\/domtar_logo_rgb_green.png","width":1153,"height":263,"caption":"Domtar"},"image":{"@id":"https:\/\/www.domtar.com\/fr\/#\/schema\/logo\/image\/"},"sameAs":["https:\/\/www.facebook.com\/DomtarEveryday\/","https:\/\/x.com\/DomtarEveryday","https:\/\/www.linkedin.com\/company\/domtar\/","https:\/\/www.youtube.com\/channel\/UCh8Zhq2Rmxhl5Km0krrGoYw"],"ethicsPolicy":"https:\/\/www.domtar.com\/fr\/notre-entreprise\/ethique-et-conformite\/"}]}},"_links":{"self":[{"href":"https:\/\/www.domtar.com\/fr\/wp-json\/wp\/v2\/our-location\/30438","targetHints":{"allow":["GET"]}}],"collection":[{"href":"https:\/\/www.domtar.com\/fr\/wp-json\/wp\/v2\/our-location"}],"about":[{"href":"https:\/\/www.domtar.com\/fr\/wp-json\/wp\/v2\/types\/our-location"}],"wp:featuredmedia":[{"embeddable":true,"href":"https:\/\/www.domtar.com\/fr\/wp-json\/wp\/v2\/media\/36107"}],"wp:attachment":[{"href":"https:\/\/www.domtar.com\/fr\/wp-json\/wp\/v2\/media?parent=30438"}],"wp:term":[{"taxonomy":"categories","embeddable":true,"href":"https:\/\/www.domtar.com\/fr\/wp-json\/wp\/v2\/categories?post=30438"}],"curies":[{"name":"wp","href":"https:\/\/api.w.org\/{rel}","templated":true}]}}